{"id":5797,"date":"2022-09-05T19:17:17","date_gmt":"2022-09-05T17:17:17","guid":{"rendered":"http:\/\/vadevela.com\/localizacion-y-contacto\/"},"modified":"2025-04-15T15:48:26","modified_gmt":"2025-04-15T13:48:26","slug":"localizacion-y-contacto","status":"publish","type":"page","link":"https:\/\/vadevela.com\/es\/localizacion-y-contacto\/","title":{"rendered":"Ubicaci\u00f3n y contacto"},"content":{"rendered":"<div class=\"wpb-content-wrapper\"><p>[vc_row header_feature=\u00bbyes\u00bb padding_top=\u00bb35&#8243;][vc_column]<div class=\"grve-element grve-slogan grve-align-center\" style=\"\"><h4 class=\"grve-slogan-title grve-align-center grve-title-line\"><span>ESTAMOS EN PORT MARINA PALAM\u00d3S<\/span><\/h4>  <p class=\"\"><\/p><\/div>[\/vc_column][\/vc_row][vc_row][vc_column width=\u00bb1\/2&#8243;][vc_column_text text_style=\u00bbsubtitle\u00bb]<strong>FORMULARIO DE CONTACTO:<\/strong>[\/vc_column_text]\n<div class=\"wpcf7 no-js\" id=\"wpcf7-f4642-o1\" lang=\"ca\" dir=\"ltr\" data-wpcf7-id=\"4642\">\n<div class=\"screen-reader-response\"><p role=\"status\" aria-live=\"polite\" aria-atomic=\"true\"><\/p> <ul><\/ul><\/div>\n<form action=\"\/es\/wp-json\/wp\/v2\/pages\/5797#wpcf7-f4642-o1\" method=\"post\" class=\"wpcf7-form init\" aria-label=\"Formulari de contacte\" novalidate=\"novalidate\" data-status=\"init\">\n<fieldset class=\"hidden-fields-container\"><input type=\"hidden\" name=\"_wpcf7\" value=\"4642\" \/><input type=\"hidden\" name=\"_wpcf7_version\" value=\"6.1.5\" \/><input type=\"hidden\" name=\"_wpcf7_locale\" value=\"ca\" \/><input type=\"hidden\" name=\"_wpcf7_unit_tag\" value=\"wpcf7-f4642-o1\" \/><input type=\"hidden\" name=\"_wpcf7_container_post\" value=\"0\" \/><input type=\"hidden\" name=\"_wpcf7_posted_data_hash\" value=\"\" \/><input type=\"hidden\" name=\"_wpcf7_recaptcha_response\" value=\"\" \/>\n<\/fieldset>\n<p><label> Nom<br \/>\n<span class=\"wpcf7-form-control-wrap\" data-name=\"your-name\"><input size=\"40\" maxlength=\"400\" class=\"wpcf7-form-control wpcf7-text wpcf7-validates-as-required\" aria-required=\"true\" aria-invalid=\"false\" value=\"\" type=\"text\" name=\"your-name\" \/><\/span> <\/label><br \/>\n<label> Cognoms<br \/>\n<span class=\"wpcf7-form-control-wrap\" data-name=\"your-name\"><input size=\"40\" maxlength=\"400\" class=\"wpcf7-form-control wpcf7-text wpcf7-validates-as-required\" aria-required=\"true\" aria-invalid=\"false\" value=\"\" type=\"text\" name=\"your-name\" \/><\/span> <\/label><br \/>\n<label> Email<br \/>\n<span class=\"wpcf7-form-control-wrap\" data-name=\"your-email\"><input size=\"40\" maxlength=\"400\" class=\"wpcf7-form-control wpcf7-email wpcf7-validates-as-required wpcf7-text wpcf7-validates-as-email\" aria-required=\"true\" aria-invalid=\"false\" value=\"\" type=\"email\" name=\"your-email\" \/><\/span> <\/label><br \/>\n<label> Tel\u00e8fon<br \/>\n<span class=\"wpcf7-form-control-wrap\" data-name=\"tel-10\"><input size=\"40\" maxlength=\"400\" class=\"wpcf7-form-control wpcf7-tel wpcf7-validates-as-required wpcf7-text wpcf7-validates-as-tel\" aria-required=\"true\" aria-invalid=\"false\" value=\"\" type=\"tel\" name=\"tel-10\" \/><\/span> <\/label><br \/>\n<label> Consulta (optional)<br \/>\n<span class=\"wpcf7-form-control-wrap\" data-name=\"your-message\"><textarea cols=\"40\" rows=\"10\" maxlength=\"2000\" class=\"wpcf7-form-control wpcf7-textarea\" aria-invalid=\"false\" name=\"your-message\"><\/textarea><\/span> <\/label><br \/>\n<input class=\"wpcf7-form-control wpcf7-submit has-spinner\" type=\"submit\" value=\"Enviar\" \/>\n<\/p><div class=\"wpcf7-response-output\" aria-hidden=\"true\"><\/div>\n<\/form>\n<\/div>\n[\/vc_column][vc_column width=\u00bb1\/2&#8243;][vc_column_text text_style=\u00bbsubtitle\u00bb]<iframe loading=\"lazy\" style=\"border: 0;\" src=\"https:\/\/www.google.com\/maps\/embed?pb=!1m14!1m8!1m3!1d762394.8626567879!2d2.3049032707191657!3d41.71825450626595!3m2!1i1024!2i768!4f13.1!3m3!1m2!1s0x0%3A0x1ec60a68fdd986a!2sVadevela.Excursions%20amb%20veler%20y%20alquiler%20de%20veleros!5e0!3m2!1sca!2ses!4v1663176741586!5m2!1sca!2ses\" width=\"600\" height=\"450\" allowfullscreen=\"allowfullscreen\"><\/iframe><\/p>\n<p><strong>VADEVELA<\/strong> alquiler de veleros en Palam\u00f3s &#8211; Excursiones en velero<br \/>\nPort Marina de Palam\u00f3s<br \/>\n17230 Palam\u00f3s &#8211; Girona<\/p>\n<p><strong>Mia Ferrer<\/strong><br \/>\nTel. (0034) 645 880 096<br \/>\n<a href=\"mailto:mia@vadevela.com\">mia@vadevela.com<\/a>[\/vc_column_text][\/vc_column][\/vc_row]<\/p>\n<\/div>","protected":false},"excerpt":{"rendered":"<p>[vc_row header_feature=\u00bbyes\u00bb padding_top=\u00bb35&#8243;][vc_column][\/vc_column][\/vc_row][vc_row][vc_column width=\u00bb1\/2&#8243;][vc_column_text text_style=\u00bbsubtitle\u00bb]FORMULARIO DE CONTACTO:[\/vc_column_text][\/vc_column][vc_column width=\u00bb1\/2&#8243;][vc_column_text text_style=\u00bbsubtitle\u00bb] VADEVELA alquiler de veleros en Palam\u00f3s &#8211; Excursiones en velero Port Marina de Palam\u00f3s 17230 Palam\u00f3s &#8211; Girona Mia Ferrer Tel. (0034) 645 880 096 mia@vadevela.com[\/vc_column_text][\/vc_column][\/vc_row]<\/p>\n","protected":false},"author":1,"featured_media":0,"parent":0,"menu_order":0,"comment_status":"closed","ping_status":"closed","template":"","meta":{"footnotes":""},"class_list":["post-5797","page","type-page","status-publish","hentry"],"yoast_head":"<!-- This site is optimized with the Yoast SEO plugin v27.4 - https:\/\/yoast.com\/product\/yoast-seo-wordpress\/ -->\n<title>Vadevela - Alquiler de velero en el Port Marina, Palam\u00f3s<\/title>\n<meta name=\"description\" content=\"Contacta para alquiler de veleros, excursiones y actividades en la Costa Brava. Ideal para grupos y fam\u00edlias. Navega con nosotros.\" \/>\n<meta name=\"robots\" content=\"index, follow, max-snippet:-1, max-image-preview:large, max-video-preview:-1\" \/>\n<link rel=\"canonical\" href=\"https:\/\/vadevela.com\/es\/localizacion-y-contacto\/\" \/>\n<meta property=\"og:locale\" content=\"es_ES\" \/>\n<meta property=\"og:type\" content=\"article\" \/>\n<meta property=\"og:title\" content=\"Vadevela - Alquiler de velero en el Port Marina, Palam\u00f3s\" \/>\n<meta property=\"og:description\" content=\"Contacta para alquiler de veleros, excursiones y actividades en la Costa Brava. Ideal para grupos y fam\u00edlias. Navega con nosotros.\" \/>\n<meta property=\"og:url\" content=\"https:\/\/vadevela.com\/es\/localizacion-y-contacto\/\" \/>\n<meta property=\"og:site_name\" content=\"Vadevela\" \/>\n<meta property=\"article:publisher\" content=\"https:\/\/www.facebook.com\/profile.php?id=100066870703106\" \/>\n<meta property=\"article:modified_time\" content=\"2025-04-15T13:48:26+00:00\" \/>\n<meta name=\"twitter:card\" content=\"summary_large_image\" \/>\n<meta name=\"twitter:label1\" content=\"Tiempo de lectura\" \/>\n\t<meta name=\"twitter:data1\" content=\"1 minuto\" \/>\n<script type=\"application\/ld+json\" class=\"yoast-schema-graph\">{\"@context\":\"https:\\\/\\\/schema.org\",\"@graph\":[{\"@type\":\"WebPage\",\"@id\":\"https:\\\/\\\/vadevela.com\\\/es\\\/localizacion-y-contacto\\\/\",\"url\":\"https:\\\/\\\/vadevela.com\\\/es\\\/localizacion-y-contacto\\\/\",\"name\":\"Vadevela - Alquiler de velero en el Port Marina, Palam\u00f3s\",\"isPartOf\":{\"@id\":\"https:\\\/\\\/vadevela.com\\\/es\\\/#website\"},\"datePublished\":\"2022-09-05T17:17:17+00:00\",\"dateModified\":\"2025-04-15T13:48:26+00:00\",\"description\":\"Contacta para alquiler de veleros, excursiones y actividades en la Costa Brava. Ideal para grupos y fam\u00edlias. Navega con nosotros.\",\"breadcrumb\":{\"@id\":\"https:\\\/\\\/vadevela.com\\\/es\\\/localizacion-y-contacto\\\/#breadcrumb\"},\"inLanguage\":\"es\",\"potentialAction\":[{\"@type\":\"ReadAction\",\"target\":[\"https:\\\/\\\/vadevela.com\\\/es\\\/localizacion-y-contacto\\\/\"]}]},{\"@type\":\"BreadcrumbList\",\"@id\":\"https:\\\/\\\/vadevela.com\\\/es\\\/localizacion-y-contacto\\\/#breadcrumb\",\"itemListElement\":[{\"@type\":\"ListItem\",\"position\":1,\"name\":\"Inici\",\"item\":\"https:\\\/\\\/vadevela.com\\\/es\\\/\"},{\"@type\":\"ListItem\",\"position\":2,\"name\":\"Ubicaci\u00f3n y contacto\"}]},{\"@type\":\"WebSite\",\"@id\":\"https:\\\/\\\/vadevela.com\\\/es\\\/#website\",\"url\":\"https:\\\/\\\/vadevela.com\\\/es\\\/\",\"name\":\"Vadevela\",\"description\":\"Lloguer de velers - Alquiler de veleros - Sailboat rental &amp; charter\",\"publisher\":{\"@id\":\"https:\\\/\\\/vadevela.com\\\/es\\\/#organization\"},\"potentialAction\":[{\"@type\":\"SearchAction\",\"target\":{\"@type\":\"EntryPoint\",\"urlTemplate\":\"https:\\\/\\\/vadevela.com\\\/es\\\/?s={search_term_string}\"},\"query-input\":{\"@type\":\"PropertyValueSpecification\",\"valueRequired\":true,\"valueName\":\"search_term_string\"}}],\"inLanguage\":\"es\"},{\"@type\":\"Organization\",\"@id\":\"https:\\\/\\\/vadevela.com\\\/es\\\/#organization\",\"name\":\"Vadevela\",\"url\":\"https:\\\/\\\/vadevela.com\\\/es\\\/\",\"logo\":{\"@type\":\"ImageObject\",\"inLanguage\":\"es\",\"@id\":\"https:\\\/\\\/vadevela.com\\\/es\\\/#\\\/schema\\\/logo\\\/image\\\/\",\"url\":\"https:\\\/\\\/vadevela.com\\\/wp-content\\\/uploads\\\/2022\\\/09\\\/logo_vadevela_b_2.png\",\"contentUrl\":\"https:\\\/\\\/vadevela.com\\\/wp-content\\\/uploads\\\/2022\\\/09\\\/logo_vadevela_b_2.png\",\"width\":300,\"height\":59,\"caption\":\"Vadevela\"},\"image\":{\"@id\":\"https:\\\/\\\/vadevela.com\\\/es\\\/#\\\/schema\\\/logo\\\/image\\\/\"},\"sameAs\":[\"https:\\\/\\\/www.facebook.com\\\/profile.php?id=100066870703106\",\"https:\\\/\\\/www.youtube.com\\\/user\\\/vadevela1\\\/videos\"]}]}<\/script>\n<!-- \/ Yoast SEO plugin. -->","yoast_head_json":{"title":"Vadevela - Alquiler de velero en el Port Marina, Palam\u00f3s","description":"Contacta para alquiler de veleros, excursiones y actividades en la Costa Brava. Ideal para grupos y fam\u00edlias. Navega con nosotros.","robots":{"index":"index","follow":"follow","max-snippet":"max-snippet:-1","max-image-preview":"max-image-preview:large","max-video-preview":"max-video-preview:-1"},"canonical":"https:\/\/vadevela.com\/es\/localizacion-y-contacto\/","og_locale":"es_ES","og_type":"article","og_title":"Vadevela - Alquiler de velero en el Port Marina, Palam\u00f3s","og_description":"Contacta para alquiler de veleros, excursiones y actividades en la Costa Brava. Ideal para grupos y fam\u00edlias. Navega con nosotros.","og_url":"https:\/\/vadevela.com\/es\/localizacion-y-contacto\/","og_site_name":"Vadevela","article_publisher":"https:\/\/www.facebook.com\/profile.php?id=100066870703106","article_modified_time":"2025-04-15T13:48:26+00:00","twitter_card":"summary_large_image","twitter_misc":{"Tiempo de lectura":"1 minuto"},"schema":{"@context":"https:\/\/schema.org","@graph":[{"@type":"WebPage","@id":"https:\/\/vadevela.com\/es\/localizacion-y-contacto\/","url":"https:\/\/vadevela.com\/es\/localizacion-y-contacto\/","name":"Vadevela - Alquiler de velero en el Port Marina, Palam\u00f3s","isPartOf":{"@id":"https:\/\/vadevela.com\/es\/#website"},"datePublished":"2022-09-05T17:17:17+00:00","dateModified":"2025-04-15T13:48:26+00:00","description":"Contacta para alquiler de veleros, excursiones y actividades en la Costa Brava. Ideal para grupos y fam\u00edlias. Navega con nosotros.","breadcrumb":{"@id":"https:\/\/vadevela.com\/es\/localizacion-y-contacto\/#breadcrumb"},"inLanguage":"es","potentialAction":[{"@type":"ReadAction","target":["https:\/\/vadevela.com\/es\/localizacion-y-contacto\/"]}]},{"@type":"BreadcrumbList","@id":"https:\/\/vadevela.com\/es\/localizacion-y-contacto\/#breadcrumb","itemListElement":[{"@type":"ListItem","position":1,"name":"Inici","item":"https:\/\/vadevela.com\/es\/"},{"@type":"ListItem","position":2,"name":"Ubicaci\u00f3n y contacto"}]},{"@type":"WebSite","@id":"https:\/\/vadevela.com\/es\/#website","url":"https:\/\/vadevela.com\/es\/","name":"Vadevela","description":"Lloguer de velers - Alquiler de veleros - Sailboat rental &amp; charter","publisher":{"@id":"https:\/\/vadevela.com\/es\/#organization"},"potentialAction":[{"@type":"SearchAction","target":{"@type":"EntryPoint","urlTemplate":"https:\/\/vadevela.com\/es\/?s={search_term_string}"},"query-input":{"@type":"PropertyValueSpecification","valueRequired":true,"valueName":"search_term_string"}}],"inLanguage":"es"},{"@type":"Organization","@id":"https:\/\/vadevela.com\/es\/#organization","name":"Vadevela","url":"https:\/\/vadevela.com\/es\/","logo":{"@type":"ImageObject","inLanguage":"es","@id":"https:\/\/vadevela.com\/es\/#\/schema\/logo\/image\/","url":"https:\/\/vadevela.com\/wp-content\/uploads\/2022\/09\/logo_vadevela_b_2.png","contentUrl":"https:\/\/vadevela.com\/wp-content\/uploads\/2022\/09\/logo_vadevela_b_2.png","width":300,"height":59,"caption":"Vadevela"},"image":{"@id":"https:\/\/vadevela.com\/es\/#\/schema\/logo\/image\/"},"sameAs":["https:\/\/www.facebook.com\/profile.php?id=100066870703106","https:\/\/www.youtube.com\/user\/vadevela1\/videos"]}]}},"_links":{"self":[{"href":"https:\/\/vadevela.com\/es\/wp-json\/wp\/v2\/pages\/5797","targetHints":{"allow":["GET"]}}],"collection":[{"href":"https:\/\/vadevela.com\/es\/wp-json\/wp\/v2\/pages"}],"about":[{"href":"https:\/\/vadevela.com\/es\/wp-json\/wp\/v2\/types\/page"}],"author":[{"embeddable":true,"href":"https:\/\/vadevela.com\/es\/wp-json\/wp\/v2\/users\/1"}],"replies":[{"embeddable":true,"href":"https:\/\/vadevela.com\/es\/wp-json\/wp\/v2\/comments?post=5797"}],"version-history":[{"count":5,"href":"https:\/\/vadevela.com\/es\/wp-json\/wp\/v2\/pages\/5797\/revisions"}],"predecessor-version":[{"id":6477,"href":"https:\/\/vadevela.com\/es\/wp-json\/wp\/v2\/pages\/5797\/revisions\/6477"}],"wp:attachment":[{"href":"https:\/\/vadevela.com\/es\/wp-json\/wp\/v2\/media?parent=5797"}],"curies":[{"name":"wp","href":"https:\/\/api.w.org\/{rel}","templated":true}]}}