{"id":7333,"date":"2025-03-03T19:46:50","date_gmt":"2025-03-03T17:46:50","guid":{"rendered":"https:\/\/vadevela.com\/quadern-de-navegacio\/"},"modified":"2025-03-03T19:57:45","modified_gmt":"2025-03-03T17:57:45","slug":"blog","status":"publish","type":"page","link":"https:\/\/vadevela.com\/es\/blog\/","title":{"rendered":"Blog"},"content":{"rendered":"<div class=\"wpb-content-wrapper\"><p>[vc_row][vc_column]\t\t<div class=\"grve-element grve-blog grve-blog-grid grve-isotope\" style=\"\" data-type=\"3-columns\" data-layout=\"fitRows\" data-spinner=\"no\">\r\n\t\t\t<div class=\"grve-isotope-container\">\r\n\t\t\t<article id=\"post-7469\" class=\"grve-blog-item grve-isotope-item post-7469 post type-post status-publish format-standard has-post-thumbnail hentry category-sin-categorizar\" itemscope itemType=\"http:\/\/schema.org\/BlogPosting\">\r\n\t\t\t\t<div class=\"grve-isotope-item-inner\">\t\t\t\t\t\t\t<div class=\"grve-media grve-image-hover\">\r\n\t\t\t<a href=\"https:\/\/vadevela.com\/es\/curso-de-auxiliar-de-puerto-y-de-alquiler-de-embarcaciones\/\" target=\"_self\"><img loading=\"lazy\" decoding=\"async\" width=\"465\" height=\"315\" src=\"https:\/\/vadevela.com\/wp-content\/uploads\/2025\/03\/cartell-curs-auxiliar-de-ports-1-465x315.png\" class=\"attachment-grve-image-small-rect-horizontal size-grve-image-small-rect-horizontal wp-post-image\" alt=\"curs lloguer d\u00e9mbarcacions\" \/><\/a>\r\n\t\t<\/div>\r\n\r\n\t\t\t\t\t\t\t\t\t\t\t<div class=\"grve-post-content\">\r\n\t\t\t\t\t\t\t<a href=\"https:\/\/vadevela.com\/es\/curso-de-auxiliar-de-puerto-y-de-alquiler-de-embarcaciones\/\" rel=\"bookmark\"><h5 class=\"grve-post-title\" itemprop=\"headline\">CURSO DE AUXILIAR DE PUERTO Y DE ALQUILER DE EMBARCACIONES<\/h5><\/a>\t\t\t\t\t\t\t\t\t<span class=\"grve-hidden\">\r\n\t\t\t<span class=\"grve-structured-data\" itemprop=\"image\" itemscope itemtype=\"http:\/\/schema.org\/ImageObject\">\r\n\t\t\t   <span itemprop='url' >https:\/\/vadevela.com\/wp-content\/uploads\/2025\/03\/cartell-curs-auxiliar-de-ports-1.png<\/span>\r\n\t\t\t   <span itemprop='height' >465<\/span>\r\n\t\t\t   <span itemprop='width' >662<\/span>\r\n\t\t\t<\/span>\r\n\t\t\t\t\t\t<span class=\"grve-structured-data\" itemprop=\"author\" itemscope itemtype=\"http:\/\/schema.org\/Person\">\r\n\t\t\t\t<span itemprop=\"name\">Mia<\/span>\r\n\t\t\t<\/span>\r\n\t\t\t<span class=\"grve-structured-data\" itemprop=\"publisher\" itemscope itemtype=\"http:\/\/schema.org\/Organization\">\r\n\t\t\t\t<span itemprop='name'>Mia<\/span>\r\n\t\t\t\t<span itemprop='logo' itemscope itemtype='http:\/\/schema.org\/ImageObject'>\r\n\t\t\t\t\t<span itemprop='url'>https:\/\/secure.gravatar.com\/avatar\/33c7ecd61a60595c2110f9f3f81c38d8c71e51bba939f0c70769dec6af93b8d6?s=96&#038;d=mm&#038;r=g<\/span>\r\n\t\t\t\t<\/span>\r\n\t\t\t<\/span>\r\n\t\t\t\t\t\t<time class=\"grve-structured-data\" itemprop=\"datePublished\" datetime=\"2025-03-09T00:13:02+02:00\">9 de marzo de 2025<\/time>\r\n\t\t\t<time class=\"grve-structured-data\" itemprop=\"dateModified\"  datetime=\"2025-03-09T15:02:55+02:00\">9 de marzo de 2025<\/time>\r\n\t\t\t<span class=\"grve-structured-data\" itemprop=\"mainEntityOfPage\" itemscope itemtype=\"http:\/\/schema.org\/WebPage\" itemid=\"https:\/\/vadevela.com\/es\/curso-de-auxiliar-de-puerto-y-de-alquiler-de-embarcaciones\/\"><\/span>\r\n\t\t<\/span>\r\n\t\t\t\t\t\t\t\t<div class=\"grve-post-meta\">\r\n\t\t\t\t\t\t\t\t\t\t<div class=\"grve-post-author\">\r\n\t\t\t<span>Por: <\/span><span><a href=\"https:\/\/vadevela.com\/es\/author\/mia\/\" title=\"Entradas de Mia\" rel=\"author\">Mia<\/a><\/span>\r\n\t\t<\/div>\r\n\t<time class=\"grve-post-date\" datetime=\"2025-03-09T00:13:02+02:00\">\r\n\t\t9 de marzo de 2025\t<\/time>\r\n\t<div class=\"grve-post-comments grve-small-text\">\r\n\t\t<span class=\"grve-icon-comment\"><\/span> 0\t<\/div>\r\n\t\t<div class=\"grve-like-counter\"><span class=\"grve-icon-heart\"><\/span>0<\/div>\r\n\t\t\t\t\t\t\t<\/div>\r\n\t\t\t\t\t\t\t<div itemprop=\"articleBody\"><p>Desde PROMOCI\u00d3N ECON\u00d3MICA DE PALAM\u00d3S Se ha creado el curso de auxiliar de puertos y alquiler de embarcaciones es una formaci\u00f3n especializada que proporciona los conocimientos y habilidades necesarias para trabajar en el sector n\u00e1utico, una industria en crecimiento y con gran demanda de profesionales formados. Durante el curso, los estudiantes aprenden a gestionar y&hellip;<\/p><\/div>\t\t\t\t\t\t<\/div>\r\n\t\t\t\t\t\r\n\t\t\t\t<\/div>\t\t\t<\/article>\r\n\r\n\t\t\t<article id=\"post-7441\" class=\"grve-blog-item grve-isotope-item post-7441 post type-post status-publish format-standard has-post-thumbnail hentry category-alquiler-velero category-sin-categorizar tag-cursos-de-vela\" itemscope itemType=\"http:\/\/schema.org\/BlogPosting\">\r\n\t\t\t\t<div class=\"grve-isotope-item-inner\">\t\t\t\t\t\t\t<div class=\"grve-media grve-image-hover\">\r\n\t\t\t<a href=\"https:\/\/vadevela.com\/es\/introduccion-a-la-navegacion-a-vela\/\" target=\"_self\"><img loading=\"lazy\" decoding=\"async\" width=\"560\" height=\"315\" src=\"https:\/\/vadevela.com\/wp-content\/uploads\/2025\/03\/curs-de-vela-2-560x315.jpg\" class=\"attachment-grve-image-small-rect-horizontal size-grve-image-small-rect-horizontal wp-post-image\" alt=\"CURSO INICIACION A LA VELA\" srcset=\"https:\/\/vadevela.com\/wp-content\/uploads\/2025\/03\/curs-de-vela-2-560x315.jpg 560w, https:\/\/vadevela.com\/wp-content\/uploads\/2025\/03\/curs-de-vela-2-1170x658.jpg 1170w\" sizes=\"auto, (max-width: 560px) 100vw, 560px\" \/><\/a>\r\n\t\t<\/div>\r\n\r\n\t\t\t\t\t\t\t\t\t\t\t<div class=\"grve-post-content\">\r\n\t\t\t\t\t\t\t<a href=\"https:\/\/vadevela.com\/es\/introduccion-a-la-navegacion-a-vela\/\" rel=\"bookmark\"><h5 class=\"grve-post-title\" itemprop=\"headline\">INTRODUCCI\u00d3N A LA NAVEGACI\u00d3N A VELA ( 2 viernes ) 1 ECTS<\/h5><\/a>\t\t\t\t\t\t\t\t\t<span class=\"grve-hidden\">\r\n\t\t\t<span class=\"grve-structured-data\" itemprop=\"image\" itemscope itemtype=\"http:\/\/schema.org\/ImageObject\">\r\n\t\t\t   <span itemprop='url' >https:\/\/vadevela.com\/wp-content\/uploads\/2025\/03\/curs-de-vela-2-1024x685.jpg<\/span>\r\n\t\t\t   <span itemprop='height' >1024<\/span>\r\n\t\t\t   <span itemprop='width' >685<\/span>\r\n\t\t\t<\/span>\r\n\t\t\t\t\t\t<span class=\"grve-structured-data\" itemprop=\"author\" itemscope itemtype=\"http:\/\/schema.org\/Person\">\r\n\t\t\t\t<span itemprop=\"name\">Mia<\/span>\r\n\t\t\t<\/span>\r\n\t\t\t<span class=\"grve-structured-data\" itemprop=\"publisher\" itemscope itemtype=\"http:\/\/schema.org\/Organization\">\r\n\t\t\t\t<span itemprop='name'>Mia<\/span>\r\n\t\t\t\t<span itemprop='logo' itemscope itemtype='http:\/\/schema.org\/ImageObject'>\r\n\t\t\t\t\t<span itemprop='url'>https:\/\/secure.gravatar.com\/avatar\/33c7ecd61a60595c2110f9f3f81c38d8c71e51bba939f0c70769dec6af93b8d6?s=96&#038;d=mm&#038;r=g<\/span>\r\n\t\t\t\t<\/span>\r\n\t\t\t<\/span>\r\n\t\t\t\t\t\t<time class=\"grve-structured-data\" itemprop=\"datePublished\" datetime=\"2025-03-07T16:51:31+02:00\">7 de marzo de 2025<\/time>\r\n\t\t\t<time class=\"grve-structured-data\" itemprop=\"dateModified\"  datetime=\"2025-03-11T12:10:51+02:00\">11 de marzo de 2025<\/time>\r\n\t\t\t<span class=\"grve-structured-data\" itemprop=\"mainEntityOfPage\" itemscope itemtype=\"http:\/\/schema.org\/WebPage\" itemid=\"https:\/\/vadevela.com\/es\/introduccion-a-la-navegacion-a-vela\/\"><\/span>\r\n\t\t<\/span>\r\n\t\t\t\t\t\t\t\t<div class=\"grve-post-meta\">\r\n\t\t\t\t\t\t\t\t\t\t<div class=\"grve-post-author\">\r\n\t\t\t<span>Por: <\/span><span><a href=\"https:\/\/vadevela.com\/es\/author\/mia\/\" title=\"Entradas de Mia\" rel=\"author\">Mia<\/a><\/span>\r\n\t\t<\/div>\r\n\t<time class=\"grve-post-date\" datetime=\"2025-03-07T16:51:31+02:00\">\r\n\t\t7 de marzo de 2025\t<\/time>\r\n\t<div class=\"grve-post-comments grve-small-text\">\r\n\t\t<span class=\"grve-icon-comment\"><\/span> 0\t<\/div>\r\n\t\t<div class=\"grve-like-counter\"><span class=\"grve-icon-heart\"><\/span>0<\/div>\r\n\t\t\t\t\t\t\t<\/div>\r\n\t\t\t\t\t\t\t<div itemprop=\"articleBody\"><p>INTRODUCCI\u00d3N A LA NAVEGACI\u00d3N A VELA ( 2 viernes ) 1 ECTS Universidad de Girona y Vadevela. Cr\u00e9ditos de libre elecci\u00f3n 2 sesiones para conseguir la fase introductoria de la vela, donde el alumno va alcanzando los conceptos b\u00e1sicos y, de la mano de un instructor, los ponen en pr\u00e1ctica de forma progresiva y pautada.&hellip;<\/p><\/div>\t\t\t\t\t\t<\/div>\r\n\t\t\t\t\t\r\n\t\t\t\t<\/div>\t\t\t<\/article>\r\n\r\n\t\t\t<article id=\"post-7407\" class=\"grve-blog-item grve-isotope-item post-7407 post type-post status-publish format-standard has-post-thumbnail hentry category-sin-categorizar tag-alquiler-velero\" itemscope itemType=\"http:\/\/schema.org\/BlogPosting\">\r\n\t\t\t\t<div class=\"grve-isotope-item-inner\">\t\t\t\t\t\t\t<div class=\"grve-media grve-image-hover\">\r\n\t\t\t<a href=\"https:\/\/vadevela.com\/es\/2o-edicion-curso-de-especializacion-en-tiburones-y-rayas\/\" target=\"_self\"><img loading=\"lazy\" decoding=\"async\" width=\"560\" height=\"315\" src=\"https:\/\/vadevela.com\/wp-content\/uploads\/2025\/03\/POSTER-TAURONS-1-560x315.jpg\" class=\"attachment-grve-image-small-rect-horizontal size-grve-image-small-rect-horizontal wp-post-image\" alt=\"CURSO ESPECIALIZACI\u00d3N DE TIBURONES\" \/><\/a>\r\n\t\t<\/div>\r\n\r\n\t\t\t\t\t\t\t\t\t\t\t<div class=\"grve-post-content\">\r\n\t\t\t\t\t\t\t<a href=\"https:\/\/vadevela.com\/es\/2o-edicion-curso-de-especializacion-en-tiburones-y-rayas\/\" rel=\"bookmark\"><h5 class=\"grve-post-title\" itemprop=\"headline\">2\u00ba EDICI\u00d3N CURSO DE ESPECIALIZACI\u00d3N EN TIBURONES Y RAYAS<\/h5><\/a>\t\t\t\t\t\t\t\t\t<span class=\"grve-hidden\">\r\n\t\t\t<span class=\"grve-structured-data\" itemprop=\"image\" itemscope itemtype=\"http:\/\/schema.org\/ImageObject\">\r\n\t\t\t   <span itemprop='url' >https:\/\/vadevela.com\/wp-content\/uploads\/2025\/03\/POSTER-TAURONS-1-1024x1024.jpg<\/span>\r\n\t\t\t   <span itemprop='height' >1024<\/span>\r\n\t\t\t   <span itemprop='width' >1024<\/span>\r\n\t\t\t<\/span>\r\n\t\t\t\t\t\t<span class=\"grve-structured-data\" itemprop=\"author\" itemscope itemtype=\"http:\/\/schema.org\/Person\">\r\n\t\t\t\t<span itemprop=\"name\">Mia<\/span>\r\n\t\t\t<\/span>\r\n\t\t\t<span class=\"grve-structured-data\" itemprop=\"publisher\" itemscope itemtype=\"http:\/\/schema.org\/Organization\">\r\n\t\t\t\t<span itemprop='name'>Mia<\/span>\r\n\t\t\t\t<span itemprop='logo' itemscope itemtype='http:\/\/schema.org\/ImageObject'>\r\n\t\t\t\t\t<span itemprop='url'>https:\/\/secure.gravatar.com\/avatar\/33c7ecd61a60595c2110f9f3f81c38d8c71e51bba939f0c70769dec6af93b8d6?s=96&#038;d=mm&#038;r=g<\/span>\r\n\t\t\t\t<\/span>\r\n\t\t\t<\/span>\r\n\t\t\t\t\t\t<time class=\"grve-structured-data\" itemprop=\"datePublished\" datetime=\"2025-03-06T19:02:06+02:00\">6 de marzo de 2025<\/time>\r\n\t\t\t<time class=\"grve-structured-data\" itemprop=\"dateModified\"  datetime=\"2025-03-06T19:25:46+02:00\">6 de marzo de 2025<\/time>\r\n\t\t\t<span class=\"grve-structured-data\" itemprop=\"mainEntityOfPage\" itemscope itemtype=\"http:\/\/schema.org\/WebPage\" itemid=\"https:\/\/vadevela.com\/es\/2o-edicion-curso-de-especializacion-en-tiburones-y-rayas\/\"><\/span>\r\n\t\t<\/span>\r\n\t\t\t\t\t\t\t\t<div class=\"grve-post-meta\">\r\n\t\t\t\t\t\t\t\t\t\t<div class=\"grve-post-author\">\r\n\t\t\t<span>Por: <\/span><span><a href=\"https:\/\/vadevela.com\/es\/author\/mia\/\" title=\"Entradas de Mia\" rel=\"author\">Mia<\/a><\/span>\r\n\t\t<\/div>\r\n\t<time class=\"grve-post-date\" datetime=\"2025-03-06T19:02:06+02:00\">\r\n\t\t6 de marzo de 2025\t<\/time>\r\n\t<div class=\"grve-post-comments grve-small-text\">\r\n\t\t<span class=\"grve-icon-comment\"><\/span> 0\t<\/div>\r\n\t\t<div class=\"grve-like-counter\"><span class=\"grve-icon-heart\"><\/span>0<\/div>\r\n\t\t\t\t\t\t\t<\/div>\r\n\t\t\t\t\t\t\t<div itemprop=\"articleBody\"><p>2\u00aa EDICI\u00d3N. TEORIA: Lunes 30 de junio a viernes 4 de julio de 19h a 21h (online) PRACTICA: Salida desde Cadaqu\u00e9s, para realizar el monitoreo\u00a0 del tibur\u00f3n\u00a0 azul, els mi\u00e9rcoles 23 y 30 de julio, de 8h a 18h PRECIO: 340\u20ac<\/p><\/div>\t\t\t\t\t\t<\/div>\r\n\t\t\t\t\t\r\n\t\t\t\t<\/div>\t\t\t<\/article>\r\n\r\n\t\t\t<article id=\"post-7268\" class=\"grve-blog-item grve-isotope-item post-7268 post type-post status-publish format-standard has-post-thumbnail hentry category-alquiler-velero category-sin-categorizar tag-alquiler-baro tag-avistamiento-cetaceos\" itemscope itemType=\"http:\/\/schema.org\/BlogPosting\">\r\n\t\t\t\t<div class=\"grve-isotope-item-inner\">\t\t\t\t\t\t\t<div class=\"grve-media grve-image-hover\">\r\n\t\t\t<a href=\"https:\/\/vadevela.com\/es\/censo-de-ballenas-delfines-tortugas-tiburones-y-pajaros-marinos\/\" target=\"_self\"><img loading=\"lazy\" decoding=\"async\" width=\"560\" height=\"315\" src=\"https:\/\/vadevela.com\/wp-content\/uploads\/2025\/03\/DOFI-560x315.jpg\" class=\"attachment-grve-image-small-rect-horizontal size-grve-image-small-rect-horizontal wp-post-image\" alt=\"avistamiento delfines en velero\" srcset=\"https:\/\/vadevela.com\/wp-content\/uploads\/2025\/03\/DOFI-560x315.jpg 560w, https:\/\/vadevela.com\/wp-content\/uploads\/2025\/03\/DOFI-1170x658.jpg 1170w\" sizes=\"auto, (max-width: 560px) 100vw, 560px\" \/><\/a>\r\n\t\t<\/div>\r\n\r\n\t\t\t\t\t\t\t\t\t\t\t<div class=\"grve-post-content\">\r\n\t\t\t\t\t\t\t<a href=\"https:\/\/vadevela.com\/es\/censo-de-ballenas-delfines-tortugas-tiburones-y-pajaros-marinos\/\" rel=\"bookmark\"><h5 class=\"grve-post-title\" itemprop=\"headline\">CENSO DE BALLENAS, DELF\u00cdNES, TORTUGAS, TIBURONES Y PAJAROS MARINOS<\/h5><\/a>\t\t\t\t\t\t\t\t\t<span class=\"grve-hidden\">\r\n\t\t\t<span class=\"grve-structured-data\" itemprop=\"image\" itemscope itemtype=\"http:\/\/schema.org\/ImageObject\">\r\n\t\t\t   <span itemprop='url' >https:\/\/vadevela.com\/wp-content\/uploads\/2025\/03\/DOFI-1024x668.jpg<\/span>\r\n\t\t\t   <span itemprop='height' >1024<\/span>\r\n\t\t\t   <span itemprop='width' >668<\/span>\r\n\t\t\t<\/span>\r\n\t\t\t\t\t\t<span class=\"grve-structured-data\" itemprop=\"author\" itemscope itemtype=\"http:\/\/schema.org\/Person\">\r\n\t\t\t\t<span itemprop=\"name\">Mia<\/span>\r\n\t\t\t<\/span>\r\n\t\t\t<span class=\"grve-structured-data\" itemprop=\"publisher\" itemscope itemtype=\"http:\/\/schema.org\/Organization\">\r\n\t\t\t\t<span itemprop='name'>Mia<\/span>\r\n\t\t\t\t<span itemprop='logo' itemscope itemtype='http:\/\/schema.org\/ImageObject'>\r\n\t\t\t\t\t<span itemprop='url'>https:\/\/secure.gravatar.com\/avatar\/33c7ecd61a60595c2110f9f3f81c38d8c71e51bba939f0c70769dec6af93b8d6?s=96&#038;d=mm&#038;r=g<\/span>\r\n\t\t\t\t<\/span>\r\n\t\t\t<\/span>\r\n\t\t\t\t\t\t<time class=\"grve-structured-data\" itemprop=\"datePublished\" datetime=\"2025-03-03T18:54:02+02:00\">3 de marzo de 2025<\/time>\r\n\t\t\t<time class=\"grve-structured-data\" itemprop=\"dateModified\"  datetime=\"2025-03-09T15:06:59+02:00\">9 de marzo de 2025<\/time>\r\n\t\t\t<span class=\"grve-structured-data\" itemprop=\"mainEntityOfPage\" itemscope itemtype=\"http:\/\/schema.org\/WebPage\" itemid=\"https:\/\/vadevela.com\/es\/censo-de-ballenas-delfines-tortugas-tiburones-y-pajaros-marinos\/\"><\/span>\r\n\t\t<\/span>\r\n\t\t\t\t\t\t\t\t<div class=\"grve-post-meta\">\r\n\t\t\t\t\t\t\t\t\t\t<div class=\"grve-post-author\">\r\n\t\t\t<span>Por: <\/span><span><a href=\"https:\/\/vadevela.com\/es\/author\/mia\/\" title=\"Entradas de Mia\" rel=\"author\">Mia<\/a><\/span>\r\n\t\t<\/div>\r\n\t<time class=\"grve-post-date\" datetime=\"2025-03-03T18:54:02+02:00\">\r\n\t\t3 de marzo de 2025\t<\/time>\r\n\t<div class=\"grve-post-comments grve-small-text\">\r\n\t\t<span class=\"grve-icon-comment\"><\/span> 0\t<\/div>\r\n\t\t<div class=\"grve-like-counter\"><span class=\"grve-icon-heart\"><\/span>0<\/div>\r\n\t\t\t\t\t\t\t<\/div>\r\n\t\t\t\t\t\t\t<div itemprop=\"articleBody\"><p>[vc_row][vc_column][vc_column_text css=\u00bb\u00bb]VADEVELA colabora con la Generalidad de Catalu\u00f1a en un importante proyecto ambiental centrado en la conservaci\u00f3n de la fauna marina. En el marco de esta iniciativa, VADEVELA aporta el velero BREEZE para apoyar al CENSO DE ESPECIES PROTEGIDAS de aves, ballenas y tiburones en las aguas del mar catal\u00e1n. Este CENSO DE ESPECIES PROTEGIDAS:&hellip;<\/p><\/div>\t\t\t\t\t\t<\/div>\r\n\t\t\t\t\t\r\n\t\t\t\t<\/div>\t\t\t<\/article>\r\n\r\n\t\t\t<article id=\"post-6466\" class=\"grve-blog-item grve-isotope-item post-6466 post type-post status-publish format-standard has-post-thumbnail hentry category-alquiler-velero\" itemscope itemType=\"http:\/\/schema.org\/BlogPosting\">\r\n\t\t\t\t<div class=\"grve-isotope-item-inner\">\t\t\t\t\t\t\t<div class=\"grve-media grve-image-hover\">\r\n\t\t\t<a href=\"https:\/\/vadevela.com\/es\/salidas-en-velero-para-empresas\/\" target=\"_self\"><img loading=\"lazy\" decoding=\"async\" width=\"560\" height=\"315\" src=\"https:\/\/vadevela.com\/wp-content\/uploads\/2022\/09\/60g-560x315.jpg\" class=\"attachment-grve-image-small-rect-horizontal size-grve-image-small-rect-horizontal wp-post-image\" alt=\"Alquiler de veleros para empresas en Palam\u00f3s. Imagen de dos veleros en la Costa Brava\" \/><\/a>\r\n\t\t<\/div>\r\n\r\n\t\t\t\t\t\t\t\t\t\t\t<div class=\"grve-post-content\">\r\n\t\t\t\t\t\t\t<a href=\"https:\/\/vadevela.com\/es\/salidas-en-velero-para-empresas\/\" rel=\"bookmark\"><h5 class=\"grve-post-title\" itemprop=\"headline\">Salidas en velero para empresas<\/h5><\/a>\t\t\t\t\t\t\t\t\t<span class=\"grve-hidden\">\r\n\t\t\t<span class=\"grve-structured-data\" itemprop=\"image\" itemscope itemtype=\"http:\/\/schema.org\/ImageObject\">\r\n\t\t\t   <span itemprop='url' >https:\/\/vadevela.com\/wp-content\/uploads\/2022\/09\/60g.jpg<\/span>\r\n\t\t\t   <span itemprop='height' >800<\/span>\r\n\t\t\t   <span itemprop='width' >600<\/span>\r\n\t\t\t<\/span>\r\n\t\t\t\t\t\t<span class=\"grve-structured-data\" itemprop=\"author\" itemscope itemtype=\"http:\/\/schema.org\/Person\">\r\n\t\t\t\t<span itemprop=\"name\">tonic<\/span>\r\n\t\t\t<\/span>\r\n\t\t\t<span class=\"grve-structured-data\" itemprop=\"publisher\" itemscope itemtype=\"http:\/\/schema.org\/Organization\">\r\n\t\t\t\t<span itemprop='name'>tonic<\/span>\r\n\t\t\t\t<span itemprop='logo' itemscope itemtype='http:\/\/schema.org\/ImageObject'>\r\n\t\t\t\t\t<span itemprop='url'>https:\/\/secure.gravatar.com\/avatar\/79d5bcfd8f02291f7c5c02b09bd03b70ae9b670e1f7db24eb83adf7486ce98de?s=96&#038;d=mm&#038;r=g<\/span>\r\n\t\t\t\t<\/span>\r\n\t\t\t<\/span>\r\n\t\t\t\t\t\t<time class=\"grve-structured-data\" itemprop=\"datePublished\" datetime=\"2022-11-15T14:34:11+02:00\">15 de noviembre de 2022<\/time>\r\n\t\t\t<time class=\"grve-structured-data\" itemprop=\"dateModified\"  datetime=\"2022-11-15T18:44:44+02:00\">15 de noviembre de 2022<\/time>\r\n\t\t\t<span class=\"grve-structured-data\" itemprop=\"mainEntityOfPage\" itemscope itemtype=\"http:\/\/schema.org\/WebPage\" itemid=\"https:\/\/vadevela.com\/es\/salidas-en-velero-para-empresas\/\"><\/span>\r\n\t\t<\/span>\r\n\t\t\t\t\t\t\t\t<div class=\"grve-post-meta\">\r\n\t\t\t\t\t\t\t\t\t\t<div class=\"grve-post-author\">\r\n\t\t\t<span>Por: <\/span><span><a href=\"https:\/\/vadevela.com\/es\/author\/tonic\/\" title=\"Entradas de tonic\" rel=\"author\">tonic<\/a><\/span>\r\n\t\t<\/div>\r\n\t<time class=\"grve-post-date\" datetime=\"2022-11-15T14:34:11+02:00\">\r\n\t\t15 de noviembre de 2022\t<\/time>\r\n\t<div class=\"grve-post-comments grve-small-text\">\r\n\t\t<span class=\"grve-icon-comment\"><\/span> 0\t<\/div>\r\n\t\t<div class=\"grve-like-counter\"><span class=\"grve-icon-heart\"><\/span>0<\/div>\r\n\t\t\t\t\t\t\t<\/div>\r\n\t\t\t\t\t\t\t<div itemprop=\"articleBody\"><p>Salidas en velero para empresas RACE ACTIVITY \/ OUTDOOR SAILING \/ TEAMBUILDING Organizamos actividades dirigidas a empresas con el objetivo de incentivar y cohesionar al equipo de trabajo. Podemos adaptar la actividad organizando una \u00abmini regata\u00bb con dos o mas veleros Navegar en velero estimula el trabajo en equipo, la cohesi\u00f3n i cooperaci\u00f3n de la&hellip;<\/p><\/div>\t\t\t\t\t\t<\/div>\r\n\t\t\t\t\t\r\n\t\t\t\t<\/div>\t\t\t<\/article>\r\n\r\n\t\t\t<article id=\"post-6427\" class=\"grve-blog-item grve-isotope-item post-6427 post type-post status-publish format-standard has-post-thumbnail hentry category-alquiler-velero\" itemscope itemType=\"http:\/\/schema.org\/BlogPosting\">\r\n\t\t\t\t<div class=\"grve-isotope-item-inner\">\t\t\t\t\t\t\t<div class=\"grve-media grve-image-hover\">\r\n\t\t\t<a href=\"https:\/\/vadevela.com\/es\/alquiler-velero-por-un-dia\/\" target=\"_self\"><img loading=\"lazy\" decoding=\"async\" width=\"560\" height=\"315\" src=\"https:\/\/vadevela.com\/wp-content\/uploads\/2022\/09\/59g-560x315.jpg\" class=\"attachment-grve-image-small-rect-horizontal size-grve-image-small-rect-horizontal wp-post-image\" alt=\"Grupo de amigos que han alquilado el velero por un d\u00eda en Palam\u00f3s, Costa Brava\" \/><\/a>\r\n\t\t<\/div>\r\n\r\n\t\t\t\t\t\t\t\t\t\t\t<div class=\"grve-post-content\">\r\n\t\t\t\t\t\t\t<a href=\"https:\/\/vadevela.com\/es\/alquiler-velero-por-un-dia\/\" rel=\"bookmark\"><h5 class=\"grve-post-title\" itemprop=\"headline\">Alquiler velero por un dia<\/h5><\/a>\t\t\t\t\t\t\t\t\t<span class=\"grve-hidden\">\r\n\t\t\t<span class=\"grve-structured-data\" itemprop=\"image\" itemscope itemtype=\"http:\/\/schema.org\/ImageObject\">\r\n\t\t\t   <span itemprop='url' >https:\/\/vadevela.com\/wp-content\/uploads\/2022\/09\/59g.jpg<\/span>\r\n\t\t\t   <span itemprop='height' >800<\/span>\r\n\t\t\t   <span itemprop='width' >600<\/span>\r\n\t\t\t<\/span>\r\n\t\t\t\t\t\t<span class=\"grve-structured-data\" itemprop=\"author\" itemscope itemtype=\"http:\/\/schema.org\/Person\">\r\n\t\t\t\t<span itemprop=\"name\">tonic<\/span>\r\n\t\t\t<\/span>\r\n\t\t\t<span class=\"grve-structured-data\" itemprop=\"publisher\" itemscope itemtype=\"http:\/\/schema.org\/Organization\">\r\n\t\t\t\t<span itemprop='name'>tonic<\/span>\r\n\t\t\t\t<span itemprop='logo' itemscope itemtype='http:\/\/schema.org\/ImageObject'>\r\n\t\t\t\t\t<span itemprop='url'>https:\/\/secure.gravatar.com\/avatar\/79d5bcfd8f02291f7c5c02b09bd03b70ae9b670e1f7db24eb83adf7486ce98de?s=96&#038;d=mm&#038;r=g<\/span>\r\n\t\t\t\t<\/span>\r\n\t\t\t<\/span>\r\n\t\t\t\t\t\t<time class=\"grve-structured-data\" itemprop=\"datePublished\" datetime=\"2022-11-05T21:00:46+02:00\">5 de noviembre de 2022<\/time>\r\n\t\t\t<time class=\"grve-structured-data\" itemprop=\"dateModified\"  datetime=\"2022-11-05T21:00:46+02:00\">5 de noviembre de 2022<\/time>\r\n\t\t\t<span class=\"grve-structured-data\" itemprop=\"mainEntityOfPage\" itemscope itemtype=\"http:\/\/schema.org\/WebPage\" itemid=\"https:\/\/vadevela.com\/es\/alquiler-velero-por-un-dia\/\"><\/span>\r\n\t\t<\/span>\r\n\t\t\t\t\t\t\t\t<div class=\"grve-post-meta\">\r\n\t\t\t\t\t\t\t\t\t\t<div class=\"grve-post-author\">\r\n\t\t\t<span>Por: <\/span><span><a href=\"https:\/\/vadevela.com\/es\/author\/tonic\/\" title=\"Entradas de tonic\" rel=\"author\">tonic<\/a><\/span>\r\n\t\t<\/div>\r\n\t<time class=\"grve-post-date\" datetime=\"2022-11-05T21:00:46+02:00\">\r\n\t\t5 de noviembre de 2022\t<\/time>\r\n\t<div class=\"grve-post-comments grve-small-text\">\r\n\t\t<span class=\"grve-icon-comment\"><\/span> 0\t<\/div>\r\n\t\t<div class=\"grve-like-counter\"><span class=\"grve-icon-heart\"><\/span>0<\/div>\r\n\t\t\t\t\t\t\t<\/div>\r\n\t\t\t\t\t\t\t<div itemprop=\"articleBody\"><p>ALQUILER VELERO CON PATR\u00d3N EN PALAM\u00d3S POR 1 DIA Pasar el d\u00eda en nuestro velero navegando y parando en las calas del Espacio Natural de Castell-Illes Formigues-Cap Roig es uno de los placeres que seguro que repetir\u00e1s. Un mundo de sensaciones que podr\u00e1s compartir con la familia o amigos, una verdadera fuente antiestr\u00e9s. Refrescantes ba\u00f1os&hellip;<\/p><\/div>\t\t\t\t\t\t<\/div>\r\n\t\t\t\t\t\r\n\t\t\t\t<\/div>\t\t\t<\/article>\r\n\r\n\t\t\t<article id=\"post-6421\" class=\"grve-blog-item grve-isotope-item post-6421 post type-post status-publish format-standard has-post-thumbnail hentry category-alquiler-velero\" itemscope itemType=\"http:\/\/schema.org\/BlogPosting\">\r\n\t\t\t\t<div class=\"grve-isotope-item-inner\">\t\t\t\t\t\t\t<div class=\"grve-media grve-image-hover\">\r\n\t\t\t<a href=\"https:\/\/vadevela.com\/es\/puesta-de-sol-en-velero\/\" target=\"_self\"><img loading=\"lazy\" decoding=\"async\" width=\"560\" height=\"315\" src=\"https:\/\/vadevela.com\/wp-content\/uploads\/2022\/09\/58g-560x315.jpg\" class=\"attachment-grve-image-small-rect-horizontal size-grve-image-small-rect-horizontal wp-post-image\" alt=\"\" \/><\/a>\r\n\t\t<\/div>\r\n\r\n\t\t\t\t\t\t\t\t\t\t\t<div class=\"grve-post-content\">\r\n\t\t\t\t\t\t\t<a href=\"https:\/\/vadevela.com\/es\/puesta-de-sol-en-velero\/\" rel=\"bookmark\"><h5 class=\"grve-post-title\" itemprop=\"headline\">Puesta de sol en velero<\/h5><\/a>\t\t\t\t\t\t\t\t\t<span class=\"grve-hidden\">\r\n\t\t\t<span class=\"grve-structured-data\" itemprop=\"image\" itemscope itemtype=\"http:\/\/schema.org\/ImageObject\">\r\n\t\t\t   <span itemprop='url' >https:\/\/vadevela.com\/wp-content\/uploads\/2022\/09\/58g.jpg<\/span>\r\n\t\t\t   <span itemprop='height' >800<\/span>\r\n\t\t\t   <span itemprop='width' >600<\/span>\r\n\t\t\t<\/span>\r\n\t\t\t\t\t\t<span class=\"grve-structured-data\" itemprop=\"author\" itemscope itemtype=\"http:\/\/schema.org\/Person\">\r\n\t\t\t\t<span itemprop=\"name\">tonic<\/span>\r\n\t\t\t<\/span>\r\n\t\t\t<span class=\"grve-structured-data\" itemprop=\"publisher\" itemscope itemtype=\"http:\/\/schema.org\/Organization\">\r\n\t\t\t\t<span itemprop='name'>tonic<\/span>\r\n\t\t\t\t<span itemprop='logo' itemscope itemtype='http:\/\/schema.org\/ImageObject'>\r\n\t\t\t\t\t<span itemprop='url'>https:\/\/secure.gravatar.com\/avatar\/79d5bcfd8f02291f7c5c02b09bd03b70ae9b670e1f7db24eb83adf7486ce98de?s=96&#038;d=mm&#038;r=g<\/span>\r\n\t\t\t\t<\/span>\r\n\t\t\t<\/span>\r\n\t\t\t\t\t\t<time class=\"grve-structured-data\" itemprop=\"datePublished\" datetime=\"2022-11-02T19:30:21+02:00\">2 de noviembre de 2022<\/time>\r\n\t\t\t<time class=\"grve-structured-data\" itemprop=\"dateModified\"  datetime=\"2022-11-02T19:30:21+02:00\">2 de noviembre de 2022<\/time>\r\n\t\t\t<span class=\"grve-structured-data\" itemprop=\"mainEntityOfPage\" itemscope itemtype=\"http:\/\/schema.org\/WebPage\" itemid=\"https:\/\/vadevela.com\/es\/puesta-de-sol-en-velero\/\"><\/span>\r\n\t\t<\/span>\r\n\t\t\t\t\t\t\t\t<div class=\"grve-post-meta\">\r\n\t\t\t\t\t\t\t\t\t\t<div class=\"grve-post-author\">\r\n\t\t\t<span>Por: <\/span><span><a href=\"https:\/\/vadevela.com\/es\/author\/tonic\/\" title=\"Entradas de tonic\" rel=\"author\">tonic<\/a><\/span>\r\n\t\t<\/div>\r\n\t<time class=\"grve-post-date\" datetime=\"2022-11-02T19:30:21+02:00\">\r\n\t\t2 de noviembre de 2022\t<\/time>\r\n\t<div class=\"grve-post-comments grve-small-text\">\r\n\t\t<span class=\"grve-icon-comment\"><\/span> 0\t<\/div>\r\n\t\t<div class=\"grve-like-counter\"><span class=\"grve-icon-heart\"><\/span>0<\/div>\r\n\t\t\t\t\t\t\t<\/div>\r\n\t\t\t\t\t\t\t<div itemprop=\"articleBody\"><p>VER LA PUESTA DE SOL EN UN VELERO Navegar y ver la puesta de sol des del velero es una experiencia que no olvidaras, si estas pensando en compartir momentos especiales con una persona especial no te lo puedes perder. Horarios de 20 h a 22 h. Precio 300 \u20ac. (velero exclusivo) Incluye una copa&hellip;<\/p><\/div>\t\t\t\t\t\t<\/div>\r\n\t\t\t\t\t\r\n\t\t\t\t<\/div>\t\t\t<\/article>\r\n\r\n\t\t\t<article id=\"post-6409\" class=\"grve-blog-item grve-isotope-item post-6409 post type-post status-publish format-standard has-post-thumbnail hentry category-alquiler-velero tag-alquiler-velero\" itemscope itemType=\"http:\/\/schema.org\/BlogPosting\">\r\n\t\t\t\t<div class=\"grve-isotope-item-inner\">\t\t\t\t\t\t\t<div class=\"grve-media grve-image-hover\">\r\n\t\t\t<a href=\"https:\/\/vadevela.com\/es\/alquiler-velero-palamos\/\" target=\"_self\"><img loading=\"lazy\" decoding=\"async\" width=\"560\" height=\"315\" src=\"https:\/\/vadevela.com\/wp-content\/uploads\/2022\/09\/57g-560x315.jpg\" class=\"attachment-grve-image-small-rect-horizontal size-grve-image-small-rect-horizontal wp-post-image\" alt=\"\" \/><\/a>\r\n\t\t<\/div>\r\n\r\n\t\t\t\t\t\t\t\t\t\t\t<div class=\"grve-post-content\">\r\n\t\t\t\t\t\t\t<a href=\"https:\/\/vadevela.com\/es\/alquiler-velero-palamos\/\" rel=\"bookmark\"><h5 class=\"grve-post-title\" itemprop=\"headline\">Alquiler velero Palam\u00f3s<\/h5><\/a>\t\t\t\t\t\t\t\t\t<span class=\"grve-hidden\">\r\n\t\t\t<span class=\"grve-structured-data\" itemprop=\"image\" itemscope itemtype=\"http:\/\/schema.org\/ImageObject\">\r\n\t\t\t   <span itemprop='url' >https:\/\/vadevela.com\/wp-content\/uploads\/2022\/09\/57g.jpg<\/span>\r\n\t\t\t   <span itemprop='height' >800<\/span>\r\n\t\t\t   <span itemprop='width' >600<\/span>\r\n\t\t\t<\/span>\r\n\t\t\t\t\t\t<span class=\"grve-structured-data\" itemprop=\"author\" itemscope itemtype=\"http:\/\/schema.org\/Person\">\r\n\t\t\t\t<span itemprop=\"name\">tonic<\/span>\r\n\t\t\t<\/span>\r\n\t\t\t<span class=\"grve-structured-data\" itemprop=\"publisher\" itemscope itemtype=\"http:\/\/schema.org\/Organization\">\r\n\t\t\t\t<span itemprop='name'>tonic<\/span>\r\n\t\t\t\t<span itemprop='logo' itemscope itemtype='http:\/\/schema.org\/ImageObject'>\r\n\t\t\t\t\t<span itemprop='url'>https:\/\/secure.gravatar.com\/avatar\/79d5bcfd8f02291f7c5c02b09bd03b70ae9b670e1f7db24eb83adf7486ce98de?s=96&#038;d=mm&#038;r=g<\/span>\r\n\t\t\t\t<\/span>\r\n\t\t\t<\/span>\r\n\t\t\t\t\t\t<time class=\"grve-structured-data\" itemprop=\"datePublished\" datetime=\"2022-11-01T18:24:11+02:00\">1 de noviembre de 2022<\/time>\r\n\t\t\t<time class=\"grve-structured-data\" itemprop=\"dateModified\"  datetime=\"2022-11-01T19:03:31+02:00\">1 de noviembre de 2022<\/time>\r\n\t\t\t<span class=\"grve-structured-data\" itemprop=\"mainEntityOfPage\" itemscope itemtype=\"http:\/\/schema.org\/WebPage\" itemid=\"https:\/\/vadevela.com\/es\/alquiler-velero-palamos\/\"><\/span>\r\n\t\t<\/span>\r\n\t\t\t\t\t\t\t\t<div class=\"grve-post-meta\">\r\n\t\t\t\t\t\t\t\t\t\t<div class=\"grve-post-author\">\r\n\t\t\t<span>Por: <\/span><span><a href=\"https:\/\/vadevela.com\/es\/author\/tonic\/\" title=\"Entradas de tonic\" rel=\"author\">tonic<\/a><\/span>\r\n\t\t<\/div>\r\n\t<time class=\"grve-post-date\" datetime=\"2022-11-01T18:24:11+02:00\">\r\n\t\t1 de noviembre de 2022\t<\/time>\r\n\t<div class=\"grve-post-comments grve-small-text\">\r\n\t\t<span class=\"grve-icon-comment\"><\/span> 0\t<\/div>\r\n\t\t<div class=\"grve-like-counter\"><span class=\"grve-icon-heart\"><\/span>0<\/div>\r\n\t\t\t\t\t\t\t<\/div>\r\n\t\t\t\t\t\t\t<div itemprop=\"articleBody\"><p>SALIDAS EN VELERO POR LA MA\u00d1ANA O TARDE EN PALAM\u00d3S Si estas pensando en una experiencia diferente, no puedes perderte embarcarte en nuestro velero para disfrutar del mejor paisaje mar\u00edtimo. Navegar en silencio solo impulsados por la brisa marina, para llegar y refrescarte en una de nuestras mejores calas de nuestra costa. Horarios de 1&hellip;<\/p><\/div>\t\t\t\t\t\t<\/div>\r\n\t\t\t\t\t\r\n\t\t\t\t<\/div>\t\t\t<\/article>\r\n\r\n\t\t\t<\/div>\r\n\t\t<\/div>\r\n[\/vc_column][\/vc_row]<\/p>\n<\/div>","protected":false},"excerpt":{"rendered":"<p>[vc_row][vc_column][\/vc_column][\/vc_row]<\/p>\n","protected":false},"author":1,"featured_media":0,"parent":0,"menu_order":0,"comment_status":"closed","ping_status":"closed","template":"","meta":{"footnotes":""},"class_list":["post-7333","page","type-page","status-publish","hentry"],"yoast_head":"<!-- This site is optimized with the Yoast SEO plugin v27.4 - https:\/\/yoast.com\/product\/yoast-seo-wordpress\/ -->\n<title>Blog - Vadevela<\/title>\n<meta name=\"robots\" content=\"index, follow, max-snippet:-1, max-image-preview:large, max-video-preview:-1\" \/>\n<link rel=\"canonical\" href=\"https:\/\/vadevela.com\/es\/blog\/\" \/>\n<meta property=\"og:locale\" content=\"es_ES\" \/>\n<meta property=\"og:type\" content=\"article\" \/>\n<meta property=\"og:title\" content=\"Blog - Vadevela\" \/>\n<meta property=\"og:description\" content=\"[vc_row][vc_column][\/vc_column][\/vc_row]\" \/>\n<meta property=\"og:url\" content=\"https:\/\/vadevela.com\/es\/blog\/\" \/>\n<meta property=\"og:site_name\" content=\"Vadevela\" \/>\n<meta property=\"article:publisher\" content=\"https:\/\/www.facebook.com\/profile.php?id=100066870703106\" \/>\n<meta property=\"article:modified_time\" content=\"2025-03-03T17:57:45+00:00\" \/>\n<meta name=\"twitter:card\" content=\"summary_large_image\" \/>\n<meta name=\"twitter:label1\" content=\"Tiempo de lectura\" \/>\n\t<meta name=\"twitter:data1\" content=\"1 minuto\" \/>\n<script type=\"application\/ld+json\" class=\"yoast-schema-graph\">{\"@context\":\"https:\\\/\\\/schema.org\",\"@graph\":[{\"@type\":\"WebPage\",\"@id\":\"https:\\\/\\\/vadevela.com\\\/es\\\/blog\\\/\",\"url\":\"https:\\\/\\\/vadevela.com\\\/es\\\/blog\\\/\",\"name\":\"Blog - Vadevela\",\"isPartOf\":{\"@id\":\"https:\\\/\\\/vadevela.com\\\/es\\\/#website\"},\"datePublished\":\"2025-03-03T17:46:50+00:00\",\"dateModified\":\"2025-03-03T17:57:45+00:00\",\"breadcrumb\":{\"@id\":\"https:\\\/\\\/vadevela.com\\\/es\\\/blog\\\/#breadcrumb\"},\"inLanguage\":\"es\",\"potentialAction\":[{\"@type\":\"ReadAction\",\"target\":[\"https:\\\/\\\/vadevela.com\\\/es\\\/blog\\\/\"]}]},{\"@type\":\"BreadcrumbList\",\"@id\":\"https:\\\/\\\/vadevela.com\\\/es\\\/blog\\\/#breadcrumb\",\"itemListElement\":[{\"@type\":\"ListItem\",\"position\":1,\"name\":\"Inici\",\"item\":\"https:\\\/\\\/vadevela.com\\\/es\\\/\"},{\"@type\":\"ListItem\",\"position\":2,\"name\":\"Blog\"}]},{\"@type\":\"WebSite\",\"@id\":\"https:\\\/\\\/vadevela.com\\\/es\\\/#website\",\"url\":\"https:\\\/\\\/vadevela.com\\\/es\\\/\",\"name\":\"Vadevela\",\"description\":\"Lloguer de velers - Alquiler de veleros - Sailboat rental &amp; charter\",\"publisher\":{\"@id\":\"https:\\\/\\\/vadevela.com\\\/es\\\/#organization\"},\"potentialAction\":[{\"@type\":\"SearchAction\",\"target\":{\"@type\":\"EntryPoint\",\"urlTemplate\":\"https:\\\/\\\/vadevela.com\\\/es\\\/?s={search_term_string}\"},\"query-input\":{\"@type\":\"PropertyValueSpecification\",\"valueRequired\":true,\"valueName\":\"search_term_string\"}}],\"inLanguage\":\"es\"},{\"@type\":\"Organization\",\"@id\":\"https:\\\/\\\/vadevela.com\\\/es\\\/#organization\",\"name\":\"Vadevela\",\"url\":\"https:\\\/\\\/vadevela.com\\\/es\\\/\",\"logo\":{\"@type\":\"ImageObject\",\"inLanguage\":\"es\",\"@id\":\"https:\\\/\\\/vadevela.com\\\/es\\\/#\\\/schema\\\/logo\\\/image\\\/\",\"url\":\"https:\\\/\\\/vadevela.com\\\/wp-content\\\/uploads\\\/2022\\\/09\\\/logo_vadevela_b_2.png\",\"contentUrl\":\"https:\\\/\\\/vadevela.com\\\/wp-content\\\/uploads\\\/2022\\\/09\\\/logo_vadevela_b_2.png\",\"width\":300,\"height\":59,\"caption\":\"Vadevela\"},\"image\":{\"@id\":\"https:\\\/\\\/vadevela.com\\\/es\\\/#\\\/schema\\\/logo\\\/image\\\/\"},\"sameAs\":[\"https:\\\/\\\/www.facebook.com\\\/profile.php?id=100066870703106\",\"https:\\\/\\\/www.youtube.com\\\/user\\\/vadevela1\\\/videos\"]}]}<\/script>\n<!-- \/ Yoast SEO plugin. -->","yoast_head_json":{"title":"Blog - Vadevela","robots":{"index":"index","follow":"follow","max-snippet":"max-snippet:-1","max-image-preview":"max-image-preview:large","max-video-preview":"max-video-preview:-1"},"canonical":"https:\/\/vadevela.com\/es\/blog\/","og_locale":"es_ES","og_type":"article","og_title":"Blog - Vadevela","og_description":"[vc_row][vc_column][\/vc_column][\/vc_row]","og_url":"https:\/\/vadevela.com\/es\/blog\/","og_site_name":"Vadevela","article_publisher":"https:\/\/www.facebook.com\/profile.php?id=100066870703106","article_modified_time":"2025-03-03T17:57:45+00:00","twitter_card":"summary_large_image","twitter_misc":{"Tiempo de lectura":"1 minuto"},"schema":{"@context":"https:\/\/schema.org","@graph":[{"@type":"WebPage","@id":"https:\/\/vadevela.com\/es\/blog\/","url":"https:\/\/vadevela.com\/es\/blog\/","name":"Blog - Vadevela","isPartOf":{"@id":"https:\/\/vadevela.com\/es\/#website"},"datePublished":"2025-03-03T17:46:50+00:00","dateModified":"2025-03-03T17:57:45+00:00","breadcrumb":{"@id":"https:\/\/vadevela.com\/es\/blog\/#breadcrumb"},"inLanguage":"es","potentialAction":[{"@type":"ReadAction","target":["https:\/\/vadevela.com\/es\/blog\/"]}]},{"@type":"BreadcrumbList","@id":"https:\/\/vadevela.com\/es\/blog\/#breadcrumb","itemListElement":[{"@type":"ListItem","position":1,"name":"Inici","item":"https:\/\/vadevela.com\/es\/"},{"@type":"ListItem","position":2,"name":"Blog"}]},{"@type":"WebSite","@id":"https:\/\/vadevela.com\/es\/#website","url":"https:\/\/vadevela.com\/es\/","name":"Vadevela","description":"Lloguer de velers - Alquiler de veleros - Sailboat rental &amp; charter","publisher":{"@id":"https:\/\/vadevela.com\/es\/#organization"},"potentialAction":[{"@type":"SearchAction","target":{"@type":"EntryPoint","urlTemplate":"https:\/\/vadevela.com\/es\/?s={search_term_string}"},"query-input":{"@type":"PropertyValueSpecification","valueRequired":true,"valueName":"search_term_string"}}],"inLanguage":"es"},{"@type":"Organization","@id":"https:\/\/vadevela.com\/es\/#organization","name":"Vadevela","url":"https:\/\/vadevela.com\/es\/","logo":{"@type":"ImageObject","inLanguage":"es","@id":"https:\/\/vadevela.com\/es\/#\/schema\/logo\/image\/","url":"https:\/\/vadevela.com\/wp-content\/uploads\/2022\/09\/logo_vadevela_b_2.png","contentUrl":"https:\/\/vadevela.com\/wp-content\/uploads\/2022\/09\/logo_vadevela_b_2.png","width":300,"height":59,"caption":"Vadevela"},"image":{"@id":"https:\/\/vadevela.com\/es\/#\/schema\/logo\/image\/"},"sameAs":["https:\/\/www.facebook.com\/profile.php?id=100066870703106","https:\/\/www.youtube.com\/user\/vadevela1\/videos"]}]}},"_links":{"self":[{"href":"https:\/\/vadevela.com\/es\/wp-json\/wp\/v2\/pages\/7333","targetHints":{"allow":["GET"]}}],"collection":[{"href":"https:\/\/vadevela.com\/es\/wp-json\/wp\/v2\/pages"}],"about":[{"href":"https:\/\/vadevela.com\/es\/wp-json\/wp\/v2\/types\/page"}],"author":[{"embeddable":true,"href":"https:\/\/vadevela.com\/es\/wp-json\/wp\/v2\/users\/1"}],"replies":[{"embeddable":true,"href":"https:\/\/vadevela.com\/es\/wp-json\/wp\/v2\/comments?post=7333"}],"version-history":[{"count":3,"href":"https:\/\/vadevela.com\/es\/wp-json\/wp\/v2\/pages\/7333\/revisions"}],"predecessor-version":[{"id":7343,"href":"https:\/\/vadevela.com\/es\/wp-json\/wp\/v2\/pages\/7333\/revisions\/7343"}],"wp:attachment":[{"href":"https:\/\/vadevela.com\/es\/wp-json\/wp\/v2\/media?parent=7333"}],"curies":[{"name":"wp","href":"https:\/\/api.w.org\/{rel}","templated":true}]}}